{"id":1957,"date":"2022-10-26T04:38:38","date_gmt":"2022-10-26T04:38:38","guid":{"rendered":"https:\/\/sittaunam19.wordpress.com\/?page_id=1957"},"modified":"2026-01-14T05:12:54","modified_gmt":"2026-01-14T05:12:54","slug":"publicaciones-anteriores","status":"publish","type":"page","link":"https:\/\/sittaunam.org\/index.php\/publicaciones-anteriores\/","title":{"rendered":"Publicaciones anteriores"},"content":{"rendered":"\n<div class=\"wp-block-cover alignfull is-light\" style=\"min-height:100vh;aspect-ratio:unset;\"><span aria-hidden=\"true\" class=\"wp-block-cover__background has-white-background-color has-background-dim-100 has-background-dim\"><\/span><div class=\"wp-block-cover__inner-container is-layout-flow wp-block-cover-is-layout-flow\">\n<div class=\"wp-block-group has-black-color has-text-color has-link-color wp-elements-ace19f738653f9e6dcb1d9f7ce0c1ad3 is-layout-constrained wp-block-group-is-layout-constrained\">\n\n<h1 style=\"font-size:3rem;\" class=\"has-text-align-center wp-block-site-title\">sittaunam<\/h1>\n\n\n<p class=\"has-text-align-center\" style=\"margin-top:10px;font-size:18px;line-height:1.65;\">Consulta aqu\u00ed nuestras publicaciones anteriores<br><\/p>\n\n\n\n<div class=\"wp-block-buttons is-horizontal is-content-justification-center is-layout-flex wp-container-core-buttons-is-layout-03627597 wp-block-buttons-is-layout-flex\">\n<div class=\"wp-block-button has-custom-width wp-block-button__width-100 is-style-fill\"><a class=\"wp-block-button__link has-white-color has-primary-background-color has-text-color has-background wp-element-button\" href=\"https:\/\/sittaunam19.wordpress.com\/2022\/10\/29\/que-es-la-legitimacion-del-contrato-colectivo-de-trabajo\/\">\u00bfQu\u00e9 es la legitimaci\u00f3n del Contrato Colectivo de Trabajo?<\/a><\/div>\n\n\n\n<div class=\"wp-block-button has-custom-width wp-block-button__width-100 is-style-fill\"><a class=\"wp-block-button__link has-white-color has-primary-background-color has-text-color has-background wp-element-button\" href=\"https:\/\/sittaunam19.wordpress.com\/2022\/10\/03\/sittaunam-interpone-una-demanda-de-titularidad-y-administracion-del-contrato-colectivo-de-trabajo\/\">SITTAUNAM interpone una demanda de titularidad y administraci\u00f3n del Contrato Colectivo de Trabajo<\/a><\/div>\n\n\n\n<div class=\"wp-block-button has-custom-width wp-block-button__width-100 is-style-fill\"><a class=\"wp-block-button__link has-white-color has-primary-background-color has-text-color has-background wp-element-button\" href=\"https:\/\/sittaunam19.wordpress.com\/2022\/10\/03\/movilizacion-del-sittaunam-30-septiembre-2022\/\">Movilizaci\u00f3n del SITTAUNAM &#8211; 30 septiembre 2022<\/a><\/div>\n\n\n\n<div class=\"wp-block-button has-custom-width wp-block-button__width-100 is-style-fill\"><a class=\"wp-block-button__link has-white-color has-primary-background-color has-text-color has-background wp-element-button\" href=\"https:\/\/sittaunam19.wordpress.com\/2022\/05\/29\/foro-metropolitano-2022\/\">Foro Metropolitano 2022<\/a><\/div>\n\n\n\n<div class=\"wp-block-button has-custom-width wp-block-button__width-100 is-style-fill\"><a class=\"wp-block-button__link has-white-color has-primary-background-color has-text-color has-background wp-element-button\" href=\"https:\/\/sittaunam19.wordpress.com\/2022\/05\/16\/convocatoria-foro-metropolitano-2022\/\">Convocatoria Foro Metropolitano 2022<\/a><\/div>\n\n\n\n<div class=\"wp-block-button has-custom-width wp-block-button__width-100 is-style-fill\"><a class=\"wp-block-button__link has-white-color has-primary-background-color has-text-color has-background wp-element-button\" href=\"https:\/\/sittaunam19.wordpress.com\/2022\/03\/15\/sittaunam-interpone-amparo-para-que-el-programa-especial-de-estabilidad-academica-sea-antendido-por-la-rectoria\/\">SITTAUNAM interpone amparo para que el Programa Especial de Estabilidad Acad\u00e9mica sea antendido por la Rector\u00eda.<\/a><\/div>\n\n\n\n<div class=\"wp-block-button has-custom-width wp-block-button__width-100 is-style-fill\"><a class=\"wp-block-button__link has-white-color has-primary-background-color has-text-color has-background wp-element-button\" href=\"https:\/\/sittaunam19.wordpress.com\/2022\/03\/05\/las-academicas-de-la-unam-exigimos-una-universidad-con-mejores-condiciones-de-trabajo-y-libre-de-violencia\/\">Las acad\u00e9micas de la UNAM exigimos una universidad con mejores condiciones de trabajo y libre de violencia<\/a><\/div>\n\n\n\n<div class=\"wp-block-button has-custom-width wp-block-button__width-100 is-style-fill\"><a class=\"wp-block-button__link has-white-color has-primary-background-color has-text-color has-background wp-element-button\" href=\"https:\/\/sittaunam19.wordpress.com\/2022\/03\/05\/denunciamos-el-hostigamiento-contra-la-delegada-sindical-yurixhi-manriquez-bucio\/\">Denunciamos el hostigamiento contra la delegada sindical Yurixhi Manr\u00edquez Bucio<\/a><\/div>\n\n\n\n<div class=\"wp-block-button has-custom-width wp-block-button__width-100 is-style-fill\"><a class=\"wp-block-button__link has-white-color has-secondary-background-color has-text-color has-background wp-element-button\">2021<\/a><\/div>\n\n\n\n<div class=\"wp-block-button has-custom-width wp-block-button__width-100 is-style-fill\"><a class=\"wp-block-button__link has-white-color has-primary-background-color has-text-color has-background wp-element-button\" href=\"https:\/\/sittaunam19.wordpress.com\/2021\/12\/15\/constancia-de-situacion-fiscal-por-que-y-para-que-nos-piden-este-documento-en-la-unam\/\">Constancia de situaci\u00f3n fiscal: por qu\u00e9 y para qu\u00e9 nos piden este documento en la UNAM<\/a><\/div>\n\n\n\n<div class=\"wp-block-button has-custom-width wp-block-button__width-100 is-style-fill\"><a class=\"wp-block-button__link has-white-color has-primary-background-color has-text-color has-background wp-element-button\" href=\"https:\/\/sittaunam19.wordpress.com\/2021\/11\/27\/la-sostenibilidad-de-la-vida-y-la-eliminacion-de-la-violencia-contra-la-mujer\/\">La sostenibilidad de la vida y la eliminaci\u00f3n de la violencia contra la mujer<\/a><\/div>\n\n\n\n<div class=\"wp-block-button has-custom-width wp-block-button__width-100 is-style-fill\"><a class=\"wp-block-button__link has-white-color has-primary-background-color has-text-color has-background wp-element-button\" href=\"https:\/\/sittaunam19.wordpress.com\/2021\/11\/04\/pronunciamiento-con-respecto-a-la-derechizacion-de-la-unam\/\">Pronunciamiento sobre la opini\u00f3n de que la UNAM se ha &#8220;derechizado&#8221;<\/a><\/div>\n\n\n\n<div class=\"wp-block-button has-custom-width wp-block-button__width-100 is-style-fill\"><a class=\"wp-block-button__link has-white-color has-primary-background-color has-text-color has-background wp-element-button\" href=\"https:\/\/sittaunam19.wordpress.com\/2021\/11\/03\/calaveritas-del-sittaunam\/\">Calaveritas del SITTAUNAM<\/a><\/div>\n\n\n\n<div class=\"wp-block-button has-custom-width wp-block-button__width-100 is-style-fill\"><a class=\"wp-block-button__link has-white-color has-primary-background-color has-text-color has-background wp-element-button\" href=\"https:\/\/sittaunam19.wordpress.com\/2021\/10\/20\/recomendacion-de-la-oit-y-de-la-unesco-relativa-a-la-condicion-del-personal-docente-1966-y-1997\/\">Recomendaci\u00f3n de la OIT y la UNESCO relativa a la condici\u00f3n del personal docente (1966 y 1997)<\/a><\/div>\n\n\n\n<div class=\"wp-block-button has-custom-width wp-block-button__width-100 is-style-fill\"><a class=\"wp-block-button__link has-white-color has-primary-background-color has-text-color has-background wp-element-button\" href=\"https:\/\/sittaunam19.wordpress.com\/2021\/10\/20\/respecto-al-regreso-a-las-actividades-academicas-presenciales-en-la-unam\/\">Respecto al regreso a las actividades acad\u00e9micas presenciales en la UNAM<\/a><\/div>\n\n\n\n<div class=\"wp-block-button has-custom-width wp-block-button__width-100 is-style-fill\"><a class=\"wp-block-button__link has-white-color has-primary-background-color has-text-color has-background wp-element-button\" href=\"https:\/\/sittaunam19.wordpress.com\/2021\/09\/28\/pronunciamiento-respecto-a-la-declaracion-del-rector-de-la-unam-sobre-las-cientificas-y-cientificos-relacionados-con-presuntos-manejos-en-perjuicio-del-erario\/\">Pronunciamiento respecto a la declaraci\u00f3n del Rector de la UNAM sobre las cient\u00edficas y cient\u00edficos relacionados con presuntos manejos en perjuicio del erario<\/a><\/div>\n\n\n\n<div class=\"wp-block-button has-custom-width wp-block-button__width-100 is-style-fill\"><a class=\"wp-block-button__link has-white-color has-primary-background-color has-text-color has-background wp-element-button\" href=\"https:\/\/sittaunam19.wordpress.com\/2021\/09\/13\/https-sittaunam19-wordpress-com-2021-09-13-pronunciamiento-para-denunciar-la-violencia-fisica-sexual-y-psico-emocional-ejercida-por-el-funcionario-jose-luis-garcia-hernandez-en-contra-de-martin-lopez\/\">Pronunciamiento para denunciar la violencia f\u00edsica, sexual, psico-emocional y otras violencias ejercidas por el profesor universitario JOS\u00c9 LUIS GARC\u00cdA HERN\u00c1NDEZ en contra de nuestro compa\u00f1ero MART\u00cdN L\u00d3PEZ GALLEGOS<\/a><\/div>\n\n\n\n<div class=\"wp-block-button has-custom-width wp-block-button__width-100 is-style-fill\"><a class=\"wp-block-button__link has-white-color has-primary-background-color has-text-color has-background wp-element-button\" href=\"https:\/\/sittaunam19.wordpress.com\/2021\/09\/07\/curso-conociendo-mis-derechos-laborales-y-preparando-mi-concurso-de-oposicion\/\">Curso &#8220;Conociendo mis derechos laborales y preparando mi concurso de oposici\u00f3n&#8221;<\/a><\/div>\n\n\n\n<div class=\"wp-block-button has-custom-width wp-block-button__width-100 is-style-fill\"><a class=\"wp-block-button__link has-white-color has-primary-background-color has-text-color has-background wp-element-button\" href=\"https:\/\/sittaunam19.wordpress.com\/2021\/09\/07\/pronunciamiento-sobre-la-violencia-politica-y-de-genero-por-parte-de-funcionarios-de-la-facultad-de-economia-hacia-la-profesora-dora-romero\/\">Pronunciamiento sobre la violencia pol\u00edtica y de g\u00e9nero por parte de funcionarios de la Facultad de Econom\u00eda hacia la profesora Dora Romero<\/a><\/div>\n\n\n\n<div class=\"wp-block-button has-custom-width wp-block-button__width-100 is-style-fill\"><a class=\"wp-block-button__link has-white-color has-primary-background-color has-text-color has-background wp-element-button\" href=\"https:\/\/sittaunam19.wordpress.com\/2021\/04\/06\/derechos-laborales-y-sindicales-cidh-2020\/\">Derechos Laborales y Sindicales  &#8211; CIDH (2020)<\/a><\/div>\n\n\n\n<div class=\"wp-block-button has-custom-width wp-block-button__width-100 is-style-fill\"><a class=\"wp-block-button__link has-white-color has-primary-background-color has-text-color has-background wp-element-button\" href=\"https:\/\/sittaunam19.wordpress.com\/2021\/04\/06\/taller-de-formacion-politico-sindical-2020\/\">Taller de formaci\u00f3n pol\u00edtico sindical 2020<\/a><\/div>\n\n\n\n<div class=\"wp-block-button has-custom-width wp-block-button__width-100 is-style-fill\"><a class=\"wp-block-button__link has-white-color has-primary-background-color has-text-color has-background wp-element-button\" href=\"https:\/\/sittaunam19.wordpress.com\/2021\/03\/08\/la-relacion-de-las-mujeres-y-el-trabajo-refleja-una-historia-de-exclusion\/\">La relaci\u00f3n de las mujeres y el trabajo refleja una historia de exclusi\u00f3n<\/a><\/div>\n\n\n\n<div class=\"wp-block-button has-custom-width wp-block-button__width-100 is-style-fill\"><a class=\"wp-block-button__link has-white-color has-primary-background-color has-text-color has-background wp-element-button\" href=\"https:\/\/sittaunam19.wordpress.com\/2021\/02\/27\/pronunciamiento-del-comite-ante-la-problematica-de-irregularidades-y-falta-de-pago-a-profesores-de-asignatura-y-ayudantes\/\">PRONUNCIAMIENTO DEL COMIT\u00c9 DE CIENCIAS ANTE LA PROBLEM\u00c1TICA DE IRREGULARIDADES Y FALTA DE PAGO A PROFESORES DE ASIGNATURA Y AYUDANTES<\/a><\/div>\n\n\n\n<div class=\"wp-block-button has-custom-width wp-block-button__width-100 is-style-fill\"><a class=\"wp-block-button__link has-white-color has-primary-background-color has-text-color has-background wp-element-button\" href=\"https:\/\/sittaunam19.wordpress.com\/2021\/02\/22\/pronunciamiento-sobre-la-falta-de-pagos-a-profesores-y-ayudantes-de-profesor-en-la-unam\/\">Pronunciamiento sobre la falta de pagos a profesores y ayudantes de profesor en la UNAM<\/a><\/div>\n\n\n\n<div class=\"wp-block-button has-custom-width wp-block-button__width-100 is-style-fill\"><a class=\"wp-block-button__link has-white-color has-primary-background-color has-text-color has-background wp-element-button\" href=\"https:\/\/sittaunam19.wordpress.com\/2021\/01\/29\/el-teletrabajo-y-sus-graves-implicaciones-juan-de-dios-hernandez-monge\/\">El &#8220;teletrabajo&#8221; y sus graves implicaciones &#8211; Juan de Dios Hern\u00e1ndez Monge<\/a><\/div>\n\n\n\n<div class=\"wp-block-button has-custom-width wp-block-button__width-100 is-style-fill\"><a class=\"wp-block-button__link has-white-color has-secondary-background-color has-text-color has-background wp-element-button\">2020<\/a><\/div>\n\n\n\n<div class=\"wp-block-button has-custom-width wp-block-button__width-100 is-style-fill\"><a class=\"wp-block-button__link has-white-color has-primary-background-color has-text-color has-background wp-element-button\" href=\"https:\/\/sittaunam19.wordpress.com\/2020\/12\/29\/maestro-salvador-hernandez-pelcastre\/\">Maestro Salvador Hern\u00e1ndez Pelcastre<\/a><\/div>\n\n\n\n<div class=\"wp-block-button has-custom-width wp-block-button__width-100 is-style-fill\"><a class=\"wp-block-button__link has-white-color has-primary-background-color has-text-color has-background wp-element-button\" href=\"https:\/\/sittaunam19.wordpress.com\/2020\/11\/22\/igualdad-laboral-de-hombres-y-mujeres\/\">Igualdad laboral de hombres y mujeres<\/a><\/div>\n\n\n\n<div class=\"wp-block-button has-custom-width wp-block-button__width-100 is-style-fill\"><a class=\"wp-block-button__link has-white-color has-primary-background-color has-text-color has-background wp-element-button\" href=\"https:\/\/sittaunam19.wordpress.com\/2020\/11\/22\/manual-de-conciliacion-laboral\/\">Manual de Conciliaci\u00f3n Laboral<\/a><\/div>\n\n\n\n<div class=\"wp-block-button has-custom-width wp-block-button__width-100 is-style-fill\"><a class=\"wp-block-button__link has-white-color has-primary-background-color has-text-color has-background wp-element-button\" href=\"https:\/\/sittaunam19.wordpress.com\/2020\/10\/07\/se-crea-el-sistema-de-justicia-laboral-en-la-cdmx\/\">Se crea el Sistema de Justicia Laboral en la CDMX<\/a><\/div>\n\n\n\n<div class=\"wp-block-button has-custom-width wp-block-button__width-100 is-style-fill\"><a class=\"wp-block-button__link has-white-color has-primary-background-color has-text-color has-background wp-element-button\" href=\"https:\/\/sittaunam19.wordpress.com\/2020\/09\/04\/primer-encuentro-de-pensamiento-critico-convocatoria\/\">Primer Encuentro de Pensamiento Cr\u00edtico &#8211; Convocatoria<\/a><\/div>\n\n\n\n<div class=\"wp-block-button has-custom-width wp-block-button__width-100 is-style-fill\"><a class=\"wp-block-button__link has-white-color has-primary-background-color has-text-color has-background wp-element-button\" href=\"https:\/\/sittaunam19.wordpress.com\/2020\/08\/16\/platicas-virtuales-acerca-de-la-reforma-laboral-que-entro-en-vigor-en-2019-stps\/\" target=\"_blank\" rel=\"noreferrer noopener\">Pl\u00e1ticas virtuales acerca de la reforma laboral que entr\u00f3 en vigor en 2019 (STPS)<\/a><\/div>\n\n\n\n<div class=\"wp-block-button has-custom-width wp-block-button__width-100 is-style-fill\"><a class=\"wp-block-button__link has-white-color has-primary-background-color has-text-color has-background wp-element-button\" href=\"https:\/\/sittaunam19.wordpress.com\/2020\/08\/14\/entrevista-a-profesores-de-cch-sur-la-izquierda-diario\/\" target=\"_blank\" rel=\"noreferrer noopener\">Entrevista a profesores de CCH SUR (La Izquierda Diario)<\/a><\/div>\n\n\n\n<div class=\"wp-block-button has-custom-width wp-block-button__width-100 is-style-fill\"><a class=\"wp-block-button__link has-white-color has-primary-background-color has-text-color has-background wp-element-button\" href=\"https:\/\/sittaunam19.wordpress.com\/2020\/08\/06\/respecto-al-desplegado-publicado-por-aapaunam-el-pasado-4-de-agosto\/\" target=\"_blank\" rel=\"noreferrer noopener\">Respecto al desplegado publicado por AAPAUNAM el pasado 4 de agosto.<\/a><\/div>\n\n\n\n<div class=\"wp-block-button has-custom-width wp-block-button__width-100 is-style-fill\"><a class=\"wp-block-button__link has-white-color has-primary-background-color has-text-color has-background wp-element-button\" href=\"https:\/\/sittaunam19.wordpress.com\/2020\/08\/05\/justiciabilidad-del-derecho-al-trabajo-y-la-estabilidad-en-el-empleo-humberto-oseguera\/\" target=\"_blank\" rel=\"noreferrer noopener\">Justiciabilidad del derecho al trabajo y la estabilidad en el empleo &#8211; Humberto Oseguera<\/a><\/div>\n\n\n\n<div class=\"wp-block-button has-custom-width wp-block-button__width-100 is-style-fill\"><a class=\"wp-block-button__link has-white-color has-primary-background-color has-text-color has-background wp-element-button\" href=\"https:\/\/sittaunam19.wordpress.com\/2020\/07\/28\/sobre-las-clases-en-linea-en-el-contexto-de-la-pandemia\/\" target=\"_blank\" rel=\"noreferrer noopener\">Sobre las clases en l\u00ednea en el contexto de la pandemia.<\/a><\/div>\n\n\n\n<div class=\"wp-block-button has-custom-width wp-block-button__width-100 is-style-fill\"><a class=\"wp-block-button__link has-white-color has-primary-background-color has-text-color has-background wp-element-button\" href=\"https:\/\/sittaunam19.wordpress.com\/2020\/07\/26\/respecto-al-articulo-del-diario-la-jornada-titulado-sindicatos-de-la-unam-se-oponen-a-la-suspension-de-empleados-acusados-de-violencia-de-genero\/\" target=\"_blank\" rel=\"noreferrer noopener\">Respecto al art\u00edculo del diario La Jornada titulado: &#8220;SINDICATOS DE LA UNAM SE OPONEN A LA SUSPENSI\u00d3N DE EMPLEADOS ACUSADOS DE VIOLENCIA DE G\u00c9NERO&#8221;<\/a><\/div>\n\n\n\n<div class=\"wp-block-button has-custom-width wp-block-button__width-100 is-style-fill\"><a class=\"wp-block-button__link has-white-color has-primary-background-color has-text-color has-background wp-element-button\" href=\"https:\/\/sittaunam19.wordpress.com\/2020\/07\/02\/esta-es-primera-advertencia-asi-inicio-una-amenaza-recibida-recientemente-por-la-profesora-guadalupe-castillo\/\" target=\"_blank\" rel=\"noreferrer noopener\">&#8220;Esta es primera advertencia&#8221;: As\u00ed inici\u00f3 una amenaza recibida recientemente por la profesora Guadalupe Castillo.<\/a><\/div>\n\n\n\n<div class=\"wp-block-button has-custom-width wp-block-button__width-100 is-style-fill\"><a class=\"wp-block-button__link has-white-color has-primary-background-color has-text-color has-background wp-element-button\" href=\"https:\/\/sittaunam19.wordpress.com\/2020\/06\/03\/mesa-sobre-sindicalismo-universitario\/\" target=\"_blank\" rel=\"noreferrer noopener\">Mesa sobre Sindicalismo Universitario<\/a><\/div>\n\n\n\n<div class=\"wp-block-button has-custom-width wp-block-button__width-100 is-style-fill\"><a class=\"wp-block-button__link has-white-color has-primary-background-color has-text-color has-background wp-element-button\" href=\"https:\/\/sittaunam19.wordpress.com\/2020\/05\/15\/1o-de-mayo-del-2020\/\" target=\"_blank\" rel=\"noreferrer noopener\">1\u00b0 de mayo del 2020<\/a><\/div>\n<\/div>\n\n\n\n<div class=\"wp-block-buttons is-horizontal is-content-justification-center is-layout-flex wp-container-core-buttons-is-layout-03627597 wp-block-buttons-is-layout-flex\">\n<div class=\"wp-block-button has-custom-width wp-block-button__width-100 is-style-fill\"><a class=\"wp-block-button__link has-white-color has-primary-background-color has-text-color has-background wp-element-button\" href=\"https:\/\/sittaunam19.wordpress.com\/2020\/04\/25\/programa-de-la-comision-de-asuntos-academicos-analisis-y-formacion-sindical-de-la-cnsuesic\/\" target=\"_blank\" rel=\"noreferrer noopener\">Programa de la Comisi\u00f3n de Asuntos Acad\u00e9micos, An\u00e1lisis y Formaci\u00f3n Sindical de la CNSUESIC<\/a><\/div>\n\n\n\n<div class=\"wp-block-button has-custom-width wp-block-button__width-100 is-style-fill\"><a class=\"wp-block-button__link has-white-color has-primary-background-color has-text-color has-background wp-element-button\" href=\"https:\/\/sittaunam19.wordpress.com\/2020\/04\/25\/sittaunam-se-suma-a-la-peticion-de-crear-un-fondo-de-resistencia-para-afectados-por-covid19\/\" target=\"_blank\" rel=\"noreferrer noopener\">SITTAUNAM se suma a la petici\u00f3n de crear un fondo de resistencia para afectados por COVID19<\/a><\/div>\n\n\n\n<div class=\"wp-block-button has-custom-width wp-block-button__width-100 is-style-fill\"><a class=\"wp-block-button__link has-white-color has-primary-background-color has-text-color has-background wp-element-button\" href=\"https:\/\/sittaunam19.wordpress.com\/2020\/03\/26\/posicionamiento-del-sittaunam-con-respecto-a-las-clases-en-linea-frente-a-la-contingencia\/\" target=\"_blank\" rel=\"noreferrer noopener\">Posicionamiento del SITTAUNAM con respecto a las clases en l\u00ednea frente a la contingencia.<\/a><\/div>\n\n\n\n<div class=\"wp-block-button has-custom-width wp-block-button__width-100 is-style-fill\"><a class=\"wp-block-button__link has-white-color has-primary-background-color has-text-color has-background wp-element-button\" href=\"https:\/\/sittaunam19.wordpress.com\/2020\/02\/24\/el-sittaunam-en-amilcingo-vamos-por-la-vida\/\" target=\"_blank\" rel=\"noreferrer noopener\">El SITTAUNAM en Amilcingo. \u00a1Vamos por la vida!<\/a><\/div>\n\n\n\n<div class=\"wp-block-button has-custom-width wp-block-button__width-100 is-style-fill\"><a class=\"wp-block-button__link has-white-color has-primary-background-color has-text-color has-background wp-element-button\" href=\"https:\/\/sittaunam19.wordpress.com\/2020\/02\/12\/sayuri-herrera-en-entrevista-sobre-la-violencia-de-genero-en-la-unam\/\" target=\"_blank\" rel=\"noreferrer noopener\">Sayuri Herrera en entrevista sobre la violencia de g\u00e9nero en la UNAM<\/a><\/div>\n\n\n\n<div class=\"wp-block-button has-custom-width wp-block-button__width-100 is-style-fill\"><a class=\"wp-block-button__link has-white-color has-primary-background-color has-text-color has-background wp-element-button\" href=\"https:\/\/sittaunam19.wordpress.com\/2020\/02\/11\/violencia-paros-e-intereses-en-la-unam\/\" target=\"_blank\" rel=\"noreferrer noopener\">Violencia, paros e intereses en la UNAM<\/a><\/div>\n\n\n\n<div class=\"wp-block-button has-custom-width wp-block-button__width-100 is-style-fill\"><a class=\"wp-block-button__link has-white-color has-primary-background-color has-text-color has-background wp-element-button\" href=\"https:\/\/sittaunam19.wordpress.com\/2020\/02\/01\/mitin-en-rectoria-por-el-50-de-aumento-salarial-31-enero-2020\/\" target=\"_blank\" rel=\"noreferrer noopener\">Mitin en Rector\u00eda: por el 50% de aumento salarial -31 enero 2020-<\/a><\/div>\n\n\n\n<div class=\"wp-block-button has-custom-width wp-block-button__width-100 is-style-fill\"><a class=\"wp-block-button__link has-white-color has-primary-background-color has-text-color has-background wp-element-button\" href=\"https:\/\/sittaunam19.wordpress.com\/2020\/02\/01\/posicionamiento-del-sittaunam-frente-a-la-violencia-de-genero-en-la-unam-respuesta\/\" target=\"_blank\" rel=\"noreferrer noopener\">POSICIONAMIENTO DEL SITTAUNAM FRENTE A LA VIOLENCIA DE G\u00c9NERO EN LA UNAM -Respuesta-<\/a><\/div>\n\n\n\n<div class=\"wp-block-button has-custom-width wp-block-button__width-100 is-style-fill\"><a class=\"wp-block-button__link has-white-color has-vivid-cyan-blue-to-vivid-purple-gradient-background has-text-color has-background wp-element-button\" href=\"https:\/\/sittaunam19.wordpress.com\/2020\/01\/31\/programa-especial-de-estabilidad-laboral-para-el-personal-academico-de-la-unam\/\" target=\"_blank\" rel=\"noreferrer noopener\">PROGRAMA ESPECIAL DE ESTABILIDAD LABORAL PARA EL PERSONAL ACAD\u00c9MICO DE LA UNAM<\/a><\/div>\n\n\n\n<div class=\"wp-block-button has-custom-width wp-block-button__width-100 is-style-fill\"><a class=\"wp-block-button__link has-white-color has-primary-background-color has-text-color has-background wp-element-button\" href=\"https:\/\/sittaunam19.wordpress.com\/2020\/01\/23\/en-solidaridad-con-las-companeras-de-ffyl\/\" target=\"_blank\" rel=\"noreferrer noopener\">En solidaridad con las compa\u00f1eras de FFyL<\/a><\/div>\n\n\n\n<div class=\"wp-block-button has-custom-width wp-block-button__width-100 is-style-fill\"><a class=\"wp-block-button__link has-white-color has-primary-background-color has-text-color has-background wp-element-button\" href=\"https:\/\/sittaunam19.wordpress.com\/2020\/01\/22\/mensaje-solidario-para-el-situam\/\" target=\"_blank\" rel=\"noreferrer noopener\">Mensaje solidario para el SITUAM<\/a><\/div>\n\n\n\n<div class=\"wp-block-button has-custom-width wp-block-button__width-100 is-style-fill\"><a class=\"wp-block-button__link has-white-color has-primary-background-color has-text-color has-background wp-element-button\" href=\"https:\/\/sittaunam19.wordpress.com\/2020\/01\/22\/informacion-sobre-cnsuesic-y-ntc\/\" target=\"_blank\" rel=\"noreferrer noopener\">Informaci\u00f3n sobre CNSUESIC y NCT<\/a><\/div>\n\n\n\n<div class=\"wp-block-button has-custom-width wp-block-button__width-100 is-style-fill\"><a class=\"wp-block-button__link has-white-color has-primary-background-color has-text-color has-background wp-element-button\" href=\"https:\/\/sittaunam19.wordpress.com\/2020\/01\/19\/se-hace-mencion-en-el-periodico-la-jornada-sobre-nuestro-posicionamiento-respecto-a-la-violencia-de-genero-en-la-unam\/\" target=\"_blank\" rel=\"noreferrer noopener\">Se hace menci\u00f3n, en el peri\u00f3dico La Jornada, sobre nuestro posicionamiento respecto a la violencia de g\u00e9nero en la UNAM<\/a><\/div>\n\n\n\n<div class=\"wp-block-button has-custom-width wp-block-button__width-100 is-style-fill\"><a class=\"wp-block-button__link has-white-color has-primary-background-color has-text-color has-background wp-element-button\" href=\"https:\/\/sittaunam19.wordpress.com\/2020\/01\/19\/posicionamiento-del-sittaunam-frente-a-la-violencia-de-genero-en-la-unam\/\" target=\"_blank\" rel=\"noreferrer noopener\">POSICIONAMIENTO DEL SITTAUNAM FRENTE A LA VIOLENCIA DE G\u00c9NERO EN LA UNAM<\/a><\/div>\n\n\n\n<div class=\"wp-block-button has-custom-width wp-block-button__width-100 is-style-fill\"><a class=\"wp-block-button__link has-white-color has-primary-background-color has-text-color has-background wp-element-button\" href=\"https:\/\/sittaunam19.wordpress.com\/2020\/01\/07\/ley-organica-del-centro-federal-de-conciliacion-y-registro-laboral\/\" target=\"_blank\" rel=\"noreferrer noopener\">Ley Org\u00e1nica del Centro Federal de Conciliaci\u00f3n y Registro Laboral<\/a><\/div>\n\n\n\n<div class=\"wp-block-button has-custom-width wp-block-button__width-100 is-style-fill\"><a class=\"wp-block-button__link has-background-color has-secondary-background-color has-text-color has-background wp-element-button\" href=\"\" target=\"_blank\" rel=\"noreferrer noopener\"><mark style=\"background-color:#D4401C;\" class=\"has-inline-color has-background-color\">2019<\/mark><\/a><\/div>\n\n\n\n<div class=\"wp-block-button has-custom-width wp-block-button__width-100 is-style-fill\"><a class=\"wp-block-button__link has-white-color has-primary-background-color has-text-color has-background wp-element-button\" href=\"https:\/\/sittaunam19.wordpress.com\/2019\/12\/10\/espacios-de-dialogo-experiencias-de-trabajo-sindical-en-la-atencion-a-la-violencia-de-genero\/\" target=\"_blank\" rel=\"noreferrer noopener\">Espacios de Di\u00e1logo: Experiencias de trabajo sindical en la atenci\u00f3n a la violencia de g\u00e9nero<\/a><\/div>\n\n\n\n<div class=\"wp-block-button has-custom-width wp-block-button__width-100 is-style-fill\"><a class=\"wp-block-button__link has-white-color has-primary-background-color has-text-color has-background wp-element-button\" href=\"https:\/\/sittaunam19.wordpress.com\/2019\/12\/05\/manifiesto-feminista-mas-alla-de-la-simulacion-en-las-instituciones-de-educacion-superior\/\" target=\"_blank\" rel=\"noreferrer noopener\">Manifiesto Feminista: \u201cM\u00c1S ALL\u00c1 DE LA SIMULACI\u00d3N EN LAS INSTITUCIONES DE EDUCACI\u00d3N SUPERIOR\u201d<\/a><\/div>\n\n\n\n<div class=\"wp-block-button has-custom-width wp-block-button__width-100 is-style-fill\"><a class=\"wp-block-button__link has-white-color has-primary-background-color has-text-color has-background wp-element-button\" href=\"https:\/\/sittaunam19.wordpress.com\/2019\/12\/03\/condiciones-laborales-y-dignificacion-del-maestro-javier-villegas\/\" target=\"_blank\" rel=\"noreferrer noopener\">Condiciones laborales y dignificaci\u00f3n del Maestro &#8211; Javier Villegas<\/a><\/div>\n\n\n\n<div class=\"wp-block-button has-custom-width wp-block-button__width-100 is-style-fill\"><a class=\"wp-block-button__link has-white-color has-primary-background-color has-text-color has-background wp-element-button\" href=\"https:\/\/sittaunam19.wordpress.com\/2019\/11\/27\/declaracion-del-centenario-de-la-oit\/\" target=\"_blank\" rel=\"noreferrer noopener\">Declaraci\u00f3n del centenario de la OIT<\/a><\/div>\n\n\n\n<div class=\"wp-block-button has-custom-width wp-block-button__width-100 is-style-fill\"><a class=\"wp-block-button__link has-white-color has-primary-background-color has-text-color has-background wp-element-button\" href=\"https:\/\/sittaunam19.wordpress.com\/2019\/11\/26\/espacios-de-dialogo-sobre-la-violencia-de-genero-en-la-unam\/\" target=\"_blank\" rel=\"noreferrer noopener\">Espacios de Di\u00e1logo: sobre la violencia de g\u00e9nero en la UNAM<\/a><\/div>\n\n\n\n<div class=\"wp-block-button has-custom-width wp-block-button__width-100 is-style-fill\"><a class=\"wp-block-button__link has-white-color has-primary-background-color has-text-color has-background wp-element-button\" href=\"https:\/\/sittaunam19.wordpress.com\/2019\/11\/16\/sobre-el-centro-federal-de-conciliacion-y-registro-laboral\/\" target=\"_blank\" rel=\"noreferrer noopener\">Sobre el Centro Federal de Conciliaci\u00f3n y Registro Laboral<\/a><\/div>\n<\/div>\n\n\n\n<div class=\"wp-block-buttons is-horizontal is-content-justification-center is-layout-flex wp-container-core-buttons-is-layout-03627597 wp-block-buttons-is-layout-flex\">\n<div class=\"wp-block-button has-custom-width wp-block-button__width-100 is-style-fill\"><a class=\"wp-block-button__link has-white-color has-primary-background-color has-text-color has-background wp-element-button\" href=\"https:\/\/sittaunam19.wordpress.com\/2019\/11\/11\/apoyo-a-ls-hermans-de-chile\/\" target=\"_blank\" rel=\"noreferrer noopener\">Apoyo a l@s herman@s de Chile<\/a><\/div>\n\n\n\n<div class=\"wp-block-button has-custom-width wp-block-button__width-100 is-style-fill\"><a class=\"wp-block-button__link has-white-color has-primary-background-color has-text-color has-background wp-element-button\" href=\"https:\/\/sittaunam19.wordpress.com\/2019\/11\/16\/el-maestro-carlos-reyes\/\" target=\"_blank\" rel=\"noreferrer noopener\">Maestro Carlos Reyes<\/a><\/div>\n\n\n\n<div class=\"wp-block-button has-custom-width wp-block-button__width-100 is-style-fill\"><a class=\"wp-block-button__link has-white-color has-primary-background-color has-text-color has-background wp-element-button\" href=\"https:\/\/sittaunam19.wordpress.com\/2019\/11\/04\/consulta-por-la-democratizacion-de-la-unam\/\" target=\"_blank\" rel=\"noreferrer noopener\">Consulta por la democratizaci\u00f3n de la UNAM<\/a><\/div>\n\n\n\n<div class=\"wp-block-button has-custom-width wp-block-button__width-100 is-style-fill\"><a class=\"wp-block-button__link has-white-color has-primary-background-color has-text-color has-background wp-element-button\" href=\"https:\/\/sittaunam19.wordpress.com\/2019\/11\/02\/calaveritas-sindicales\/\" target=\"_blank\" rel=\"noreferrer noopener\">Calaveritas sindicales<\/a><\/div>\n\n\n\n<div class=\"wp-block-button has-custom-width wp-block-button__width-100 is-style-fill\"><a class=\"wp-block-button__link has-white-color has-primary-background-color has-text-color has-background wp-element-button\" href=\"https:\/\/sittaunam19.wordpress.com\/2019\/11\/02\/reunion-con-la-cnsuesic\/\" target=\"_blank\" rel=\"noreferrer noopener\">Reuni\u00f3n con la CNSUESIC<\/a><\/div>\n\n\n\n<div class=\"wp-block-button has-custom-width wp-block-button__width-100 is-style-fill\"><a class=\"wp-block-button__link has-white-color has-primary-background-color has-text-color has-background wp-element-button\" href=\"https:\/\/sittaunam19.wordpress.com\/2019\/10\/11\/acto-politico-del-sittaunam-en-rectoria-10-de-octubre\/\" target=\"_blank\" rel=\"noreferrer noopener\">Acto pol\u00edtico del SITTAUNAM en Rector\u00eda &#8211; 10 de octubre<\/a><\/div>\n\n\n\n<div class=\"wp-block-button has-custom-width wp-block-button__width-100 is-style-fill\"><a class=\"wp-block-button__link has-white-color has-primary-background-color has-text-color has-background wp-element-button\" href=\"https:\/\/sittaunam19.wordpress.com\/2019\/10\/10\/agradecimientos-y-manifiestos-de-solidaridad-por-parte-del-sittaunam-2\/\" target=\"_blank\" rel=\"noreferrer noopener\">Agradecimientos y manifiestos de solidaridad:  FCPyS, ENP 2 y 4, y Miguel Peralta<\/a><\/div>\n\n\n\n<div class=\"wp-block-button has-custom-width wp-block-button__width-100 is-style-fill\"><a class=\"wp-block-button__link has-white-color has-primary-background-color has-text-color has-background wp-element-button\" href=\"https:\/\/sittaunam19.wordpress.com\/2019\/10\/10\/el-3-de-mayo-de-2017-en-ciudad-universitaria-fue-privada-de-lo-mas-valioso-su-vida-2\/\" target=\"_blank\" rel=\"noreferrer noopener\">El 3 de mayo de 2017, en Ciudad Universitaria, fue privada de lo m\u00e1s valioso, su vida.<\/a><\/div>\n\n\n\n<div class=\"wp-block-button has-custom-width wp-block-button__width-100 is-style-fill\"><a class=\"wp-block-button__link has-white-color has-primary-background-color has-text-color has-background wp-element-button\" href=\"https:\/\/sittaunam19.wordpress.com\/2019\/10\/07\/agradecimientos-y-manifiestos-de-solidaridad-por-parte-del-sittaunam\/\" target=\"_blank\" rel=\"noreferrer noopener\">Participaci\u00f3n del SITTAUNAM en actos conmemorativos<\/a><\/div>\n\n\n\n<div class=\"wp-block-button has-custom-width wp-block-button__width-100 is-style-fill\"><a class=\"wp-block-button__link has-white-color has-primary-background-color has-text-color has-background wp-element-button\" href=\"https:\/\/sittaunam19.wordpress.com\/2019\/09\/23\/prepa-5-esta-campana-permanente-de-afiliacion\/\" target=\"_blank\" rel=\"noreferrer noopener\">ENP 5 est\u00e1 campa\u00f1a permanente de afiliaci\u00f3n<\/a><\/div>\n\n\n\n<div class=\"wp-block-button has-custom-width wp-block-button__width-100 is-style-fill\"><a class=\"wp-block-button__link has-white-color has-primary-background-color has-text-color has-background wp-element-button\" href=\"https:\/\/sittaunam19.wordpress.com\/2019\/09\/23\/facultad-de-ciencias-en-campana-de-afiliacion\/\" target=\"_blank\" rel=\"noreferrer noopener\">Facultad de Ciencias en campa\u00f1a de afiliaci\u00f3n<\/a><\/div>\n\n\n\n<div class=\"wp-block-button has-custom-width wp-block-button__width-100 is-style-fill\"><a class=\"wp-block-button__link has-white-color has-primary-background-color has-text-color has-background wp-element-button\" href=\"https:\/\/sittaunam19.wordpress.com\/2019\/09\/23\/enp-7-en-campana-de-afiliacion-al-sittaunam\/\" target=\"_blank\" rel=\"noreferrer noopener\">ENP 7 en campa\u00f1a de afiliaci\u00f3n al SITTAUNAM<\/a><\/div>\n\n\n\n<div class=\"wp-block-button has-custom-width wp-block-button__width-100 is-style-fill\"><a class=\"wp-block-button__link has-white-color has-primary-background-color has-text-color has-background wp-element-button\" href=\"https:\/\/sittaunam19.wordpress.com\/2019\/09\/21\/pronunciamiento-de-la-asamblea-de-profesores-de-la-unam\/\" target=\"_blank\" rel=\"noreferrer noopener\">Pronunciamiento de la Asamblea de Profesores de la UNAM<\/a><\/div>\n\n\n\n<div class=\"wp-block-button has-custom-width wp-block-button__width-100 is-style-fill\"><a class=\"wp-block-button__link has-white-color has-primary-background-color has-text-color has-background wp-element-button\" href=\"https:\/\/sittaunam19.wordpress.com\/2019\/09\/19\/concurso-para-el-diseno-del-logotipo-del-sittaunam\/\" target=\"_blank\" rel=\"noreferrer noopener\">Concurso para el dise\u00f1o del logotipo del SITTAUNAM<\/a><\/div>\n\n\n\n<div class=\"wp-block-button has-custom-width wp-block-button__width-100 is-style-fill\"><a class=\"wp-block-button__link has-white-color has-primary-background-color has-text-color has-background wp-element-button\" href=\"https:\/\/sittaunam19.wordpress.com\/2019\/09\/17\/cuidado-lo-que-hay-detras-de-la-actual-convocatoria-para-plazas-de-medio-tiempo\/\" target=\"_blank\" rel=\"noreferrer noopener\">\u00a1Cuidado! S\u00ed, hay que tener cuidado con la actual convocatoria para plazas de medio tiempo para el Bachillerato de la UNAM<\/a><\/div>\n\n\n\n<div class=\"wp-block-button has-custom-width wp-block-button__width-100 is-style-fill\"><a class=\"wp-block-button__link has-white-color has-primary-background-color has-text-color has-background wp-element-button\" href=\"https:\/\/sittaunam19.wordpress.com\/2019\/09\/13\/el-istmo-es-nuestro\/\" target=\"_blank\" rel=\"noreferrer noopener\">El Istmo es nuestro<\/a><\/div>\n\n\n\n<div class=\"wp-block-button has-custom-width wp-block-button__width-100 is-style-fill\"><a class=\"wp-block-button__link has-white-color has-primary-background-color has-text-color has-background wp-element-button\" href=\"https:\/\/sittaunam19.wordpress.com\/2019\/09\/11\/foro-estudiantil-democratizacion-de-la-unam-y-problematicas-de-la-unidad-de-posgrado\/\" target=\"_blank\" rel=\"noreferrer noopener\">Foro Estudiantil: democratizaci\u00f3n de la UNAM y problem\u00e1ticas de la Unidad de Posgrado<\/a><\/div>\n\n\n\n<div class=\"wp-block-button has-custom-width wp-block-button__width-100 is-style-fill\"><a class=\"wp-block-button__link has-white-color has-primary-background-color has-text-color has-background wp-element-button\" href=\"https:\/\/sittaunam19.wordpress.com\/2019\/09\/11\/defendamos-la-amazonia-defendamos-la-vida\/\" target=\"_blank\" rel=\"noreferrer noopener\">Defendamos la Amazon\u00eda, defendamos la vida<\/a><\/div>\n\n\n\n<div class=\"wp-block-button has-custom-width wp-block-button__width-100 is-style-fill\"><a class=\"wp-block-button__link has-white-color has-primary-background-color has-text-color has-background wp-element-button\" href=\"https:\/\/sittaunam19.wordpress.com\/2019\/09\/01\/cch-sur-inicia-campana-de-afiliacion\/\" target=\"_blank\" rel=\"noreferrer noopener\">CCH Sur inicia campa\u00f1a de afiliaci\u00f3n<\/a><\/div>\n\n\n\n<div class=\"wp-block-button has-custom-width wp-block-button__width-100 is-style-fill\"><a class=\"wp-block-button__link has-white-color has-primary-background-color has-text-color has-background wp-element-button\" href=\"https:\/\/sittaunam19.wordpress.com\/2019\/08\/28\/mensaje-de-jose-lavanderos\/\" target=\"_blank\" rel=\"noreferrer noopener\">Mensaje de Jos\u00e9 Lavanderos<\/a><\/div>\n\n\n\n<div class=\"wp-block-button has-custom-width wp-block-button__width-100 is-style-fill\"><a class=\"wp-block-button__link has-white-color has-primary-background-color has-text-color has-background wp-element-button\" href=\"https:\/\/sittaunam19.wordpress.com\/2019\/08\/27\/nace-sittaunam\/\" target=\"_blank\" rel=\"noreferrer noopener\">Nace SITTAUNAM<\/a><\/div>\n\n\n\n<div class=\"wp-block-button has-custom-width wp-block-button__width-100 is-style-fill\"><a class=\"wp-block-button__link has-background-color has-primary-background-color has-text-color has-background wp-element-button\" href=\"https:\/\/sittaunam19.wordpress.com\/2019\/08\/27\/como-afiliarte-al-sittaunam\/\">Prepa 5 ya inici\u00f3 campa\u00f1a de afiliaci\u00f3n<\/a><\/div>\n<\/div>\n<\/div>\n<\/div><\/div>\n\n\n\n<p><\/p>\n\n\n\n<ul class=\"wp-block-list\">\n<li><\/li>\n<\/ul>\n","protected":false},"excerpt":{"rendered":"","protected":false},"author":1,"featured_media":954,"parent":0,"menu_order":0,"comment_status":"closed","ping_status":"closed","template":"","meta":{"site-sidebar-layout":"default","site-content-layout":"","ast-site-content-layout":"default","site-content-style":"default","site-sidebar-style":"default","ast-global-header-display":"","ast-banner-title-visibility":"","ast-main-header-display":"","ast-hfb-above-header-display":"","ast-hfb-below-header-display":"","ast-hfb-mobile-header-display":"","site-post-title":"","ast-breadcrumbs-content":"","ast-featured-img":"","footer-sml-layout":"","ast-disable-related-posts":"","theme-transparent-header-meta":"","adv-header-id-meta":"","stick-header-meta":"","header-above-stick-meta":"","header-main-stick-meta":"","header-below-stick-meta":"","astra-migrate-meta-layouts":"default","ast-page-background-enabled":"default","ast-page-background-meta":{"desktop":{"background-color":"var(--ast-global-color-5)","background-image":"","background-repeat":"repeat","background-position":"center center","background-size":"auto","background-attachment":"scroll","background-type":"","background-media":"","overlay-type":"","overlay-color":"","overlay-opacity":"","overlay-gradient":""},"tablet":{"background-color":"","background-image":"","background-repeat":"repeat","background-position":"center center","background-size":"auto","background-attachment":"scroll","background-type":"","background-media":"","overlay-type":"","overlay-color":"","overlay-opacity":"","overlay-gradient":""},"mobile":{"background-color":"","background-image":"","background-repeat":"repeat","background-position":"center center","background-size":"auto","background-attachment":"scroll","background-type":"","background-media":"","overlay-type":"","overlay-color":"","overlay-opacity":"","overlay-gradient":""}},"ast-content-background-meta":{"desktop":{"background-color":"var(--ast-global-color-4)","background-image":"","background-repeat":"repeat","background-position":"center center","background-size":"auto","background-attachment":"scroll","background-type":"","background-media":"","overlay-type":"","overlay-color":"","overlay-opacity":"","overlay-gradient":""},"tablet":{"background-color":"var(--ast-global-color-4)","background-image":"","background-repeat":"repeat","background-position":"center center","background-size":"auto","background-attachment":"scroll","background-type":"","background-media":"","overlay-type":"","overlay-color":"","overlay-opacity":"","overlay-gradient":""},"mobile":{"background-color":"var(--ast-global-color-4)","background-image":"","background-repeat":"repeat","background-position":"center center","background-size":"auto","background-attachment":"scroll","background-type":"","background-media":"","overlay-type":"","overlay-color":"","overlay-opacity":"","overlay-gradient":""}},"footnotes":""},"class_list":["post-1957","page","type-page","status-publish","has-post-thumbnail","hentry"],"_links":{"self":[{"href":"https:\/\/sittaunam.org\/index.php\/wp-json\/wp\/v2\/pages\/1957","targetHints":{"allow":["GET"]}}],"collection":[{"href":"https:\/\/sittaunam.org\/index.php\/wp-json\/wp\/v2\/pages"}],"about":[{"href":"https:\/\/sittaunam.org\/index.php\/wp-json\/wp\/v2\/types\/page"}],"author":[{"embeddable":true,"href":"https:\/\/sittaunam.org\/index.php\/wp-json\/wp\/v2\/users\/1"}],"replies":[{"embeddable":true,"href":"https:\/\/sittaunam.org\/index.php\/wp-json\/wp\/v2\/comments?post=1957"}],"version-history":[{"count":1,"href":"https:\/\/sittaunam.org\/index.php\/wp-json\/wp\/v2\/pages\/1957\/revisions"}],"predecessor-version":[{"id":2553,"href":"https:\/\/sittaunam.org\/index.php\/wp-json\/wp\/v2\/pages\/1957\/revisions\/2553"}],"wp:featuredmedia":[{"embeddable":true,"href":"https:\/\/sittaunam.org\/index.php\/wp-json\/wp\/v2\/media\/954"}],"wp:attachment":[{"href":"https:\/\/sittaunam.org\/index.php\/wp-json\/wp\/v2\/media?parent=1957"}],"curies":[{"name":"wp","href":"https:\/\/api.w.org\/{rel}","templated":true}]}}