{"id":926,"date":"2020-07-14T22:31:01","date_gmt":"2020-07-14T22:31:01","guid":{"rendered":"https:\/\/sittaunam19.wordpress.com\/?page_id=926"},"modified":"2020-07-14T22:31:01","modified_gmt":"2020-07-14T22:31:01","slug":"formacion-sindical-sittaunam","status":"publish","type":"page","link":"https:\/\/sittaunam.org\/index.php\/formacion-sindical-sittaunam\/","title":{"rendered":"Formaci\u00f3n Sindical SITTAUNAM"},"content":{"rendered":"\n<p>                &#8220;La palabra sindicato denota, una forma espec\u00edfica de asociaci\u00f3n, una libertad pol\u00edtica fundamental en todas las Constituciones democr\u00e1ticas cuya caracter\u00edstica definitoria es la<br><strong>uni\u00f3n y organizaci\u00f3n de los trabajadores<\/strong>; tambi\u00e9n es un derecho en los tratados internacionales y en la Declaraci\u00f3n Universal de Derechos Humanos. Los medios de los que se dota para la defensa de los intereses de sus agremiados son muchos, pero los m\u00e1s importantes son la negociaci\u00f3n colectiva y la huelga. La negociaci\u00f3n colectiva <strong>para conseguir mejores condiciones salariales y prestaciones para todos los trabajadores.<\/strong> La huelga, como instrumento de presi\u00f3n para que el empresario acepte negociar colectivamente las condiciones salariales y de empleo de los trabajadores de una empresa o de un sector de la producci\u00f3n. (Lastra 2013)<\/p>\n\n\n\n<p>&#8220;El sindicato como organizaci\u00f3n de representaci\u00f3n del <strong>inter\u00e9s colectivo <\/strong>de los trabajadores y del sindicalismo como sistema de <strong>relaciones colectivas<\/strong> en imbricaci\u00f3n con el poder econ\u00f3mico y el poder pol\u00edtico&#8230; Mediante el reconocimiento de las facultades de acci\u00f3n del sindicato \u2013resumidas en la expresi\u00f3n de la libertad sindical y la mayor representatividad sindical\u2013 se introduce una din\u00e1mica de cambio y de reforma en las estructuras desiguales de la sociedad que se corresponde tanto con la cl\u00e1usula del Estado Social como con el reconocimiento de un principio de nivelaci\u00f3n social y econ\u00f3mica guiado por un proceso de consecuci\u00f3n del principio de<strong> igualdad<\/strong> material o sustancial&#8221;  (Baylos y Gianibelli 2011)<\/p>\n\n\n\n<p>&#8220;As\u00ed, con el posfordismo disminuy\u00f3 el Estado de bienestar, y <strong>se privatizaron las necesidades colectivas y la seguridad social<\/strong> (Harvey 1998, 202). As\u00ed, la transici\u00f3n del fordismo al posfordismo o toyotismo implic\u00f3 un gran cambio. Este nuevo esquema dio m\u00e1s peso a la producci\u00f3n flexible y en series peque\u00f1as, contra la masiva y estandarizada del fordismo. Asimismo, destaca el trabajador multitareas, contra el especializado y una organizaci\u00f3n m\u00e1s horizontal del trabajo. Con respecto a las relaciones laborales, se introdujeron formas<br>nuevas de contrataci\u00f3n y subcontrataci\u00f3n, con una diferenciaci\u00f3n en las prestaciones en los trabajadores perif\u00e9ricos contra los de n\u00facleo (Harvey 1998, 201 y 202). Seg\u00fan Castel (2002, 13), tras estos cambios, la situaci\u00f3n actual del empleo est\u00e1 marcada por la precarizaci\u00f3n de las condiciones de trabajo, la inadecuaci\u00f3n de los sistemas cl\u00e1sicos de protecci\u00f3n y la<br>multiplicaci\u00f3n de individuos que ocupan en la sociedad una posici\u00f3n de trabajadores temporales, inempleables, desempleados o <strong>empleados de manera precaria<\/strong>.&#8221; (Rubio 2017)<\/p>\n\n\n\n<p>De acurdo con Rubio (2017), la precariedad en M\u00e9xico se puede estimar de la siguiente manera:<\/p>\n\n\n\n<ul class=\"wp-block-list\"><li>-PAMex = SCMex+CTMex+ISMex+SSSMex+SOPMex)\/500 donde:<\/li><li>-PAMex = precariedad en M\u00e9xico.<\/li><li>-SCMex = (TSCMex\/TORSMex); porcentaje de trabajadores sin contrato, igual al total sin contrato, entre el total de los ocupados subordinados remunerados.<\/li><li>-CTMex = (TCTMex\/TCCMex); porcentaje de trabajadores con contrato temporal, igual al total con contrato temporal, entre el n\u00famero de quienes tienen contrato.<\/li><li>-ISMex = (TISMex\/TORSMex); porcentaje de trabajadores en situaci\u00f3n de insuficiencia salarial (que ganan dos o menos salarios m\u00ednimos), igual a los que tienen insuficiencia salarial, entre el total de los ocupados subordinados remunerados.<\/li><li>-SSSMex = (TSSSMex\/TOSRMex); porcentaje de trabajadores sin acceso a los sistemas de salud, por raz\u00f3n de su relaci\u00f3n laboral, igual a los que est\u00e1n en dicha situaci\u00f3n entre el total de los ocupados subordinados remunerados.<\/li><li>-SOPMex = (TSOPMex\/TOSRMex); porcentaje de trabajadores sin otras prestaciones diferentes al acceso a los sistemas de salud, igual a los que est\u00e1n en dicha situaci\u00f3n entre el total de los ocupados subordinados remunerados.<\/li><\/ul>\n\n\n\n<figure class=\"wp-block-image size-large\"><img fetchpriority=\"high\" decoding=\"async\" width=\"835\" height=\"610\" src=\"https:\/\/sittaunam19.files.wordpress.com\/2021\/04\/image.png?w=835\" alt=\"\" class=\"wp-image-1387\" srcset=\"https:\/\/sittaunam.org\/wp-content\/uploads\/2021\/04\/image.png 835w, https:\/\/sittaunam.org\/wp-content\/uploads\/2021\/04\/image-300x219.png 300w, https:\/\/sittaunam.org\/wp-content\/uploads\/2021\/04\/image-768x561.png 768w\" sizes=\"(max-width: 835px) 100vw, 835px\" \/><figcaption>Precariedad Laboral en M\u00e9xico, se muestran periodos de aumento y de disminuci\u00f3n pero no de desaparici\u00f3n de la precariedad. Tomado de: Rubio (2017)<\/figcaption><\/figure>\n\n\n\n<p>Los planteamientos anteriores, entre muchos otros, nos llevan a reflexionar y a actuar respecto a la necesidad de preparaci\u00f3n y de la construcci\u00f3n colectiva del conocimiento hist\u00f3rico, social y pol\u00edtico de la lucha obrera y del sindicalismo en el marco del desarrollo econ\u00f3mico social, pol\u00edtico y de la lucha de clases que se ha dado en los \u00faltimos siglos. Por ello nos hemos dado a la tarea de organizar mesas de exposici\u00f3n para compartir las diversas experiencias en torno al sindicalismo en general y en particular al universitario.<\/p>\n\n\n\n<figure class=\"wp-block-image size-large is-resized\"><img decoding=\"async\" src=\"https:\/\/sittaunam19.files.wordpress.com\/2020\/10\/primer-encuentro-de-pensamiento-critico.jpg?w=720\" alt=\"\" class=\"wp-image-1098\" width=\"354\" height=\"472\" srcset=\"https:\/\/sittaunam.org\/wp-content\/uploads\/2020\/10\/primer-encuentro-de-pensamiento-critico.jpg 720w, https:\/\/sittaunam.org\/wp-content\/uploads\/2020\/10\/primer-encuentro-de-pensamiento-critico-225x300.jpg 225w\" sizes=\"(max-width: 354px) 100vw, 354px\" \/><figcaption>Evento transmitido v\u00eda facebook @SittaunamOficial<\/figcaption><\/figure>\n\n\n\n<div class=\"wp-block-file\"><a href=\"https:\/\/sittaunam19.files.wordpress.com\/2020\/10\/memorias-1-encuentro-pensamiento-critico.pdf\">memorias-1-encuentro-pensamiento-critico<\/a><a href=\"https:\/\/sittaunam19.files.wordpress.com\/2020\/10\/memorias-1-encuentro-pensamiento-critico.pdf\" class=\"wp-block-file__button\" download>Descarga<\/a><\/div>\n\n\n\n<figure class=\"wp-block-image size-large is-resized\"><img decoding=\"async\" src=\"https:\/\/sittaunam19.files.wordpress.com\/2020\/08\/taller-politico-sindical.jpg?w=576\" alt=\"\" class=\"wp-image-1016\" width=\"358\" height=\"636\" srcset=\"https:\/\/sittaunam.org\/wp-content\/uploads\/2020\/08\/taller-politico-sindical.jpg 720w, https:\/\/sittaunam.org\/wp-content\/uploads\/2020\/08\/taller-politico-sindical-169x300.jpg 169w, https:\/\/sittaunam.org\/wp-content\/uploads\/2020\/08\/taller-politico-sindical-576x1024.jpg 576w\" sizes=\"(max-width: 358px) 100vw, 358px\" \/><figcaption>Algunos materiales abordados en el curso se agregaron a la secci\u00f3n de referencias, publicaciones y pel\u00edculas, al final de esta secci\u00f3n.<\/figcaption><\/figure>\n\n\n\n<figure class=\"wp-block-image size-large is-resized\"><img loading=\"lazy\" decoding=\"async\" src=\"https:\/\/sittaunam19.files.wordpress.com\/2020\/07\/formacic3b3nsindical17jul2020.jpg?w=720\" alt=\"\" class=\"wp-image-919\" width=\"362\" height=\"482\" srcset=\"https:\/\/sittaunam.org\/wp-content\/uploads\/2020\/07\/formacic3b3nsindical17jul2020.jpg 720w, https:\/\/sittaunam.org\/wp-content\/uploads\/2020\/07\/formacic3b3nsindical17jul2020-225x300.jpg 225w\" sizes=\"(max-width: 362px) 100vw, 362px\" \/><figcaption>Ver video en: <a href=\"https:\/\/www.facebook.com\/SittaunamOficial\/videos\/275751810320719\">https:\/\/www.facebook.com\/SittaunamOficial\/videos\/275751810320719<\/a><\/figcaption><\/figure>\n\n\n\n<figure class=\"wp-block-image size-large is-resized\"><img loading=\"lazy\" decoding=\"async\" src=\"https:\/\/sittaunam19.files.wordpress.com\/2020\/07\/stauach-y-sittaunam-16-julio.jpg?w=720\" alt=\"\" class=\"wp-image-924\" width=\"361\" height=\"481\" srcset=\"https:\/\/sittaunam.org\/wp-content\/uploads\/2020\/07\/stauach-y-sittaunam-16-julio.jpg 720w, https:\/\/sittaunam.org\/wp-content\/uploads\/2020\/07\/stauach-y-sittaunam-16-julio-225x300.jpg 225w\" sizes=\"(max-width: 361px) 100vw, 361px\" \/><figcaption>Ver video en: <a href=\"https:\/\/www.facebook.com\/pacobeninz\/videos\/1595959170565276\">https:\/\/www.facebook.com\/pacobeninz\/videos\/1595959170565276<\/a><\/figcaption><\/figure>\n\n\n\n<figure class=\"wp-block-image size-large is-resized\"><img loading=\"lazy\" decoding=\"async\" src=\"https:\/\/sittaunam19.files.wordpress.com\/2020\/07\/formacic3b3nsindicalmayo3jul2020.jpg?w=712\" alt=\"\" class=\"wp-image-908\" width=\"360\" height=\"480\" srcset=\"https:\/\/sittaunam.org\/wp-content\/uploads\/2020\/07\/formacic3b3nsindicalmayo3jul2020.jpg 720w, https:\/\/sittaunam.org\/wp-content\/uploads\/2020\/07\/formacic3b3nsindicalmayo3jul2020-225x300.jpg 225w\" sizes=\"(max-width: 360px) 100vw, 360px\" \/><figcaption>Ver video en: <a href=\"https:\/\/www.facebook.com\/112969173406265\/videos\/289148498811343\">https:\/\/www.facebook.com\/112969173406265\/videos\/289148498811343<\/a><\/figcaption><\/figure>\n\n\n\n<figure class=\"wp-block-image size-large is-resized\"><img loading=\"lazy\" decoding=\"async\" src=\"https:\/\/sittaunam19.files.wordpress.com\/2020\/06\/formacic3b3nsindical19jun2020.jpg?w=712\" alt=\"\" class=\"wp-image-900\" width=\"352\" height=\"470\" srcset=\"https:\/\/sittaunam.org\/wp-content\/uploads\/2020\/06\/formacic3b3nsindical19jun2020.jpg 720w, https:\/\/sittaunam.org\/wp-content\/uploads\/2020\/06\/formacic3b3nsindical19jun2020-225x300.jpg 225w\" sizes=\"(max-width: 352px) 100vw, 352px\" \/><figcaption>Ver video en: <a href=\"https:\/\/www.facebook.com\/112969173406265\/videos\/288634588956236\">https:\/\/www.facebook.com\/112969173406265\/videos\/288634588956236<\/a><\/figcaption><\/figure>\n\n\n\n<figure class=\"wp-block-image size-large is-resized\"><img loading=\"lazy\" decoding=\"async\" src=\"https:\/\/sittaunam19.files.wordpress.com\/2020\/05\/formacic3b3nsindicalmayo2020b.jpg?w=712\" alt=\"\" class=\"wp-image-876\" width=\"344\" height=\"458\" srcset=\"https:\/\/sittaunam.org\/wp-content\/uploads\/2020\/05\/formacic3b3nsindicalmayo2020b.jpg 720w, https:\/\/sittaunam.org\/wp-content\/uploads\/2020\/05\/formacic3b3nsindicalmayo2020b-225x300.jpg 225w\" sizes=\"(max-width: 344px) 100vw, 344px\" \/><figcaption>Ver video en: <a href=\"https:\/\/www.facebook.com\/112969173406265\/videos\/674991299959146\">https:\/\/www.facebook.com\/112969173406265\/videos\/674991299959146<\/a><\/figcaption><\/figure>\n\n\n\n<figure class=\"wp-block-image size-large is-resized\"><img loading=\"lazy\" decoding=\"async\" src=\"https:\/\/sittaunam19.files.wordpress.com\/2020\/02\/taller-negociacic3b3n-4.jpg?w=712\" alt=\"\" class=\"wp-image-728\" width=\"329\" height=\"438\" srcset=\"https:\/\/sittaunam.org\/wp-content\/uploads\/2020\/02\/taller-negociacic3b3n-4.jpg 1280w, https:\/\/sittaunam.org\/wp-content\/uploads\/2020\/02\/taller-negociacic3b3n-4-225x300.jpg 225w, https:\/\/sittaunam.org\/wp-content\/uploads\/2020\/02\/taller-negociacic3b3n-4-768x1024.jpg 768w, https:\/\/sittaunam.org\/wp-content\/uploads\/2020\/02\/taller-negociacic3b3n-4-1152x1536.jpg 1152w\" sizes=\"(max-width: 329px) 100vw, 329px\" \/><figcaption>Ver video en: <a href=\"https:\/\/www.facebook.com\/112969173406265\/videos\/3470540836350928\">https:\/\/www.facebook.com\/112969173406265\/videos\/3470540836350928<\/a><\/figcaption><\/figure>\n\n\n\n<p><strong>Referencias<\/strong><\/p>\n\n\n\n<p>Baylos, Antonio y Guillermo Gianibello. (2011). Introducci\u00f3n, en: Baylos, Antonio y Guillermo Gienibelli (eds). Convergencia sindical, movimientos sociales e integraci\u00f3n Latinoamericana. Fundaci\u00f3n AMELA &#8211; Editorial PRE-TEXTOS. Espa\u00f1a. <a href=\"http:\/\/www.relats.org\/documentos\/RDSL.Libro2011.pdf\">http:\/\/www.relats.org\/documentos\/RDSL.Libro2011.pdf<\/a><\/p>\n\n\n\n<p>Rubio Campos, Jes\u00fas. (2017). Sindicalizaci\u00f3n y precariedad laboral en M\u00e9xico.\u00a0<em>Regi\u00f3n y sociedad<\/em>,\u00a0<em>29<\/em>(68), 37-75.\u00a0<a href=\"https:\/\/dx.doi.org\/10.22198\/rys.2017.68.a247\" target=\"_blank\" rel=\"noreferrer noopener\">https:\/\/dx.doi.org\/10.22198\/rys.2017.68.a247<\/a><\/p>\n\n\n\n<p>Lastra Lastra, Jos\u00e9 Manuel. (2013). \u00bfPara qu\u00e9 sirve un sindicato?.&nbsp;<em>Bolet\u00edn mexicano de derecho comparado<\/em>,&nbsp;<em>46<\/em>(138), 1207-1212. Recuperado en 14 de julio de 2020, de http:\/\/www.scielo.org.mx\/scielo.php?script=sci_arttext&amp;pid=S0041-86332013000300016&amp;lng=es&amp;tlng=es.<\/p>\n\n\n\n<p><strong>Publicaciones de inter\u00e9s:<\/strong><\/p>\n\n\n\n<p>Figueiras, Francisco (2001). AAPAUNAM: UNA HISTORIA DE SUS OR\u00cdGENES. Autoritarismo, Antidemocracia y Subordinaci\u00f3n de la Facci\u00f3n de las AAPAUNAM a la Rector\u00eda (Tesis de Maestr\u00eda). Universidad Nacional Aut\u00f3noma de M\u00e9xico<\/p>\n\n\n\n<div class=\"wp-block-file\"><a href=\"https:\/\/sittaunam19.files.wordpress.com\/2020\/08\/aapaunam-tesis-maestria.pdf\">aapaunam-tesis-maestria<\/a><a href=\"https:\/\/sittaunam19.files.wordpress.com\/2020\/08\/aapaunam-tesis-maestria.pdf\" class=\"wp-block-file__button\" download>Descarga<\/a><\/div>\n\n\n\n<p>Linhart, Robert. 1979. De cadenas y de hombres. Editorial XXI<\/p>\n\n\n\n<p><strong>Pel\u00edculas<\/strong><\/p>\n\n\n\n<p>La sal de la Tierra (1954). Director: Biberman<\/p>\n\n\n\n<figure class=\"wp-block-embed is-type-rich is-provider-youtube wp-block-embed-youtube wp-embed-aspect-16-9 wp-has-aspect-ratio\"><div class=\"wp-block-embed__wrapper\">\n<iframe title=\"La sal de la tierra 1954 - pel\u00edcula subtitulada en espa\u00f1ol\" width=\"500\" height=\"375\" src=\"https:\/\/www.youtube.com\/embed\/Yvj7bXVg0ms?feature=oembed\" frameborder=\"0\" allow=\"accelerometer; autoplay; clipboard-write; encrypted-media; gyroscope; picture-in-picture; web-share\" referrerpolicy=\"strict-origin-when-cross-origin\" allowfullscreen><\/iframe>\n<\/div><\/figure>\n\n\n\n<p>La Huelga (1925). Director: Esienstein<\/p>\n\n\n\n<figure class=\"wp-block-embed is-type-rich is-provider-youtube wp-block-embed-youtube wp-embed-aspect-16-9 wp-has-aspect-ratio\"><div class=\"wp-block-embed__wrapper\">\n<iframe title=\"La Huelga (1925)\" width=\"500\" height=\"375\" src=\"https:\/\/www.youtube.com\/embed\/MFtepLths7A?feature=oembed\" frameborder=\"0\" allow=\"accelerometer; autoplay; clipboard-write; encrypted-media; gyroscope; picture-in-picture; web-share\" referrerpolicy=\"strict-origin-when-cross-origin\" allowfullscreen><\/iframe>\n<\/div><\/figure>\n","protected":false},"excerpt":{"rendered":"<p>&#8220;La palabra sindicato denota, una forma espec\u00edfica de asociaci\u00f3n, una libertad pol\u00edtica fundamental en todas las Constituciones democr\u00e1ticas cuya caracter\u00edstica definitoria es launi\u00f3n y organizaci\u00f3n de los trabajadores; tambi\u00e9n es un derecho en los tratados internacionales y en la Declaraci\u00f3n Universal de Derechos Humanos. Los medios de los que se dota para la defensa de los intereses de sus agremiados son muchos, pero los m\u00e1s importantes son la negociaci\u00f3n colectiva y la huelga. La negociaci\u00f3n colectiva para conseguir mejores condiciones salariales y prestaciones para todos los trabajadores. La huelga, como instrumento de presi\u00f3n para que el empresario acepte negociar colectivamente las condiciones salariales y de empleo de los trabajadores de una empresa o de un sector de la producci\u00f3n. (Lastra 2013) &#8220;El sindicato como organizaci\u00f3n de representaci\u00f3n del inter\u00e9s colectivo de los trabajadores y del sindicalismo como sistema de relaciones colectivas en imbricaci\u00f3n con el poder econ\u00f3mico y el poder pol\u00edtico&#8230; Mediante el reconocimiento de las facultades de acci\u00f3n del sindicato \u2013resumidas en la expresi\u00f3n de la libertad sindical y la mayor representatividad sindical\u2013 se introduce una din\u00e1mica de cambio y de reforma en las estructuras desiguales de la sociedad que se corresponde tanto con la cl\u00e1usula del Estado Social como con el reconocimiento de un principio de nivelaci\u00f3n social y econ\u00f3mica guiado por un proceso de consecuci\u00f3n del principio de igualdad material o sustancial&#8221; (Baylos y Gianibelli 2011) &#8220;As\u00ed, con el posfordismo disminuy\u00f3 el Estado de bienestar, y se privatizaron las necesidades colectivas y la seguridad social (Harvey 1998, 202). As\u00ed, la transici\u00f3n del fordismo al posfordismo o toyotismo implic\u00f3 un gran cambio. Este nuevo esquema dio m\u00e1s peso a la producci\u00f3n flexible y en series peque\u00f1as, contra la masiva y estandarizada del fordismo. Asimismo, destaca el trabajador multitareas, contra el especializado y una organizaci\u00f3n m\u00e1s horizontal del trabajo. Con respecto a las relaciones laborales, se introdujeron formasnuevas de contrataci\u00f3n y subcontrataci\u00f3n, con una diferenciaci\u00f3n en las prestaciones en los trabajadores perif\u00e9ricos contra los de n\u00facleo (Harvey 1998, 201 y 202). Seg\u00fan Castel (2002, 13), tras estos cambios, la situaci\u00f3n actual del empleo est\u00e1 marcada por la precarizaci\u00f3n de las condiciones de trabajo, la inadecuaci\u00f3n de los sistemas cl\u00e1sicos de protecci\u00f3n y lamultiplicaci\u00f3n de individuos que ocupan en la sociedad una posici\u00f3n de trabajadores temporales, inempleables, desempleados o empleados de manera precaria.&#8221; (Rubio 2017) De acurdo con Rubio (2017), la precariedad en M\u00e9xico se puede estimar de la siguiente manera: -PAMex = SCMex+CTMex+ISMex+SSSMex+SOPMex)\/500 donde: -PAMex = precariedad en M\u00e9xico. -SCMex = (TSCMex\/TORSMex); porcentaje de trabajadores sin contrato, igual al total sin contrato, entre el total de los ocupados subordinados remunerados. -CTMex = (TCTMex\/TCCMex); porcentaje de trabajadores con contrato temporal, igual al total con contrato temporal, entre el n\u00famero de quienes tienen contrato. -ISMex = (TISMex\/TORSMex); porcentaje de trabajadores en situaci\u00f3n de insuficiencia salarial (que ganan dos o menos salarios m\u00ednimos), igual a los que tienen insuficiencia salarial, entre el total de los ocupados subordinados remunerados. -SSSMex = (TSSSMex\/TOSRMex); porcentaje de trabajadores sin acceso a los sistemas de salud, por raz\u00f3n de su relaci\u00f3n laboral, igual a los que est\u00e1n en dicha situaci\u00f3n entre el total de los ocupados subordinados remunerados. -SOPMex = (TSOPMex\/TOSRMex); porcentaje de trabajadores sin otras prestaciones diferentes al acceso a los sistemas de salud, igual a los que est\u00e1n en dicha situaci\u00f3n entre el total de los ocupados subordinados remunerados. Los planteamientos anteriores, entre muchos otros, nos llevan a reflexionar y a actuar respecto a la necesidad de preparaci\u00f3n y de la construcci\u00f3n colectiva del conocimiento hist\u00f3rico, social y pol\u00edtico de la lucha obrera y del sindicalismo en el marco del desarrollo econ\u00f3mico social, pol\u00edtico y de la lucha de clases que se ha dado en los \u00faltimos siglos. Por ello nos hemos dado a la tarea de organizar mesas de exposici\u00f3n para compartir las diversas experiencias en torno al sindicalismo en general y en particular al universitario. Referencias Baylos, Antonio y Guillermo Gianibello. (2011). Introducci\u00f3n, en: Baylos, Antonio y Guillermo Gienibelli (eds). Convergencia sindical, movimientos sociales e integraci\u00f3n Latinoamericana. Fundaci\u00f3n AMELA &#8211; Editorial PRE-TEXTOS. Espa\u00f1a. http:\/\/www.relats.org\/documentos\/RDSL.Libro2011.pdf Rubio Campos, Jes\u00fas. (2017). Sindicalizaci\u00f3n y precariedad laboral en M\u00e9xico.\u00a0Regi\u00f3n y sociedad,\u00a029(68), 37-75.\u00a0https:\/\/dx.doi.org\/10.22198\/rys.2017.68.a247 Lastra Lastra, Jos\u00e9 Manuel. (2013). \u00bfPara qu\u00e9 sirve un sindicato?.&nbsp;Bolet\u00edn mexicano de derecho comparado,&nbsp;46(138), 1207-1212. Recuperado en 14 de julio de 2020, de http:\/\/www.scielo.org.mx\/scielo.php?script=sci_arttext&amp;pid=S0041-86332013000300016&amp;lng=es&amp;tlng=es. Publicaciones de inter\u00e9s: Figueiras, Francisco (2001). AAPAUNAM: UNA HISTORIA DE SUS OR\u00cdGENES. Autoritarismo, Antidemocracia y Subordinaci\u00f3n de la Facci\u00f3n de las AAPAUNAM a la Rector\u00eda (Tesis de Maestr\u00eda). Universidad Nacional Aut\u00f3noma de M\u00e9xico Linhart, Robert. 1979. De cadenas y de hombres. Editorial XXI Pel\u00edculas La sal de la Tierra (1954). Director: Biberman La Huelga (1925). Director: Esienstein<\/p>\n","protected":false},"author":1,"featured_media":0,"parent":0,"menu_order":0,"comment_status":"closed","ping_status":"closed","template":"","meta":{"site-sidebar-layout":"default","site-content-layout":"","ast-site-content-layout":"default","site-content-style":"default","site-sidebar-style":"default","ast-global-header-display":"","ast-banner-title-visibility":"","ast-main-header-display":"","ast-hfb-above-header-display":"","ast-hfb-below-header-display":"","ast-hfb-mobile-header-display":"","site-post-title":"","ast-breadcrumbs-content":"","ast-featured-img":"","footer-sml-layout":"","ast-disable-related-posts":"","theme-transparent-header-meta":"","adv-header-id-meta":"","stick-header-meta":"","header-above-stick-meta":"","header-main-stick-meta":"","header-below-stick-meta":"","astra-migrate-meta-layouts":"default","ast-page-background-enabled":"default","ast-page-background-meta":{"desktop":{"background-color":"var(--ast-global-color-5)","background-image":"","background-repeat":"repeat","background-position":"center center","background-size":"auto","background-attachment":"scroll","background-type":"","background-media":"","overlay-type":"","overlay-color":"","overlay-opacity":"","overlay-gradient":""},"tablet":{"background-color":"","background-image":"","background-repeat":"repeat","background-position":"center center","background-size":"auto","background-attachment":"scroll","background-type":"","background-media":"","overlay-type":"","overlay-color":"","overlay-opacity":"","overlay-gradient":""},"mobile":{"background-color":"","background-image":"","background-repeat":"repeat","background-position":"center center","background-size":"auto","background-attachment":"scroll","background-type":"","background-media":"","overlay-type":"","overlay-color":"","overlay-opacity":"","overlay-gradient":""}},"ast-content-background-meta":{"desktop":{"background-color":"var(--ast-global-color-4)","background-image":"","background-repeat":"repeat","background-position":"center center","background-size":"auto","background-attachment":"scroll","background-type":"","background-media":"","overlay-type":"","overlay-color":"","overlay-opacity":"","overlay-gradient":""},"tablet":{"background-color":"var(--ast-global-color-4)","background-image":"","background-repeat":"repeat","background-position":"center center","background-size":"auto","background-attachment":"scroll","background-type":"","background-media":"","overlay-type":"","overlay-color":"","overlay-opacity":"","overlay-gradient":""},"mobile":{"background-color":"var(--ast-global-color-4)","background-image":"","background-repeat":"repeat","background-position":"center center","background-size":"auto","background-attachment":"scroll","background-type":"","background-media":"","overlay-type":"","overlay-color":"","overlay-opacity":"","overlay-gradient":""}},"footnotes":""},"class_list":["post-926","page","type-page","status-publish","hentry"],"_links":{"self":[{"href":"https:\/\/sittaunam.org\/index.php\/wp-json\/wp\/v2\/pages\/926","targetHints":{"allow":["GET"]}}],"collection":[{"href":"https:\/\/sittaunam.org\/index.php\/wp-json\/wp\/v2\/pages"}],"about":[{"href":"https:\/\/sittaunam.org\/index.php\/wp-json\/wp\/v2\/types\/page"}],"author":[{"embeddable":true,"href":"https:\/\/sittaunam.org\/index.php\/wp-json\/wp\/v2\/users\/1"}],"replies":[{"embeddable":true,"href":"https:\/\/sittaunam.org\/index.php\/wp-json\/wp\/v2\/comments?post=926"}],"version-history":[{"count":0,"href":"https:\/\/sittaunam.org\/index.php\/wp-json\/wp\/v2\/pages\/926\/revisions"}],"wp:attachment":[{"href":"https:\/\/sittaunam.org\/index.php\/wp-json\/wp\/v2\/media?parent=926"}],"curies":[{"name":"wp","href":"https:\/\/api.w.org\/{rel}","templated":true}]}}